{"id":387,"date":"2009-06-30T22:33:11","date_gmt":"2009-06-30T21:33:11","guid":{"rendered":"http:\/\/www.jz-heubach.de\/blog2\/?page_id=387"},"modified":"2025-05-20T21:29:24","modified_gmt":"2025-05-20T20:29:24","slug":"wurttembergliga-frauen","status":"publish","type":"page","link":"https:\/\/www.jz-heubach.de\/blog2\/leute\/wurttembergliga-frauen\/","title":{"rendered":"Frauenmannschaft"},"content":{"rendered":"<h4>Bilder und Berichte zur Liga unserer Frauen:<\/h4>\n<p>Aufstiegschronik der Frauenmannschaft:<\/p>\n<ul>\n<li>2002 Start der ersten Heubacher Frauenmannschaft<\/li>\n<li>2002 Platz 3 in der Landesliga<\/li>\n<li>2003 Meisterinnen der Landesliga und Aufstieg in die W\u00fcrttembergliga<\/li>\n<li>2004 Platz 4 der W\u00fcrttembergliga<\/li>\n<li>2005 Meisterinnen der W\u00fcrttembergliga und Teilnehmerinnen\u00a0der Aufstiegsrunde zur 2. Buli<\/li>\n<li>2005 Platz 3 Aufstiegsrunde zur 2. Bundesliga<\/li>\n<li>2006 Platz 3 der W\u00fcrttembergliga<\/li>\n<li>2007 Platz 1 der W\u00fcrttembergliga<\/li>\n<li>2008 Platz 2 der W\u00fcrttembergliga<\/li>\n<li>2009 Platz 2 der W\u00fcrttembergliga<\/li>\n<li>2010 Platz 7 der W\u00fcrttembergliga<\/li>\n<li>2011 Platz 5 der W\u00fcrttembergliga<\/li>\n<li>2012 Platz 4 der W\u00fcrttembergliga<\/li>\n<li>2013 terminbedingter R\u00fcckzug aus der W\u00fcrttembergliga und Platz 2 der Landesliga<\/li>\n<li>2014 Platz 1 der W\u00fcrttembergliga<\/li>\n<li>2015 Platz 6 der W\u00fcrttembergliga<\/li>\n<li>2016 Platz 3 der W\u00fcrttembergliga<\/li>\n<li>2017 Platz 4 der W\u00fcrttembergliga<\/li>\n<li>2018 Platz 2 der W\u00fcrttembergliga<\/li>\n<li>2022 Platz 2 Landeliga Nord<\/li>\n<li>2023 Platz 5 W\u00fcrttembergliga<\/li>\n<li>2024 Platz 2 W\u00fcrttembergliga<\/li>\n<li>2025 Platz 1 W\u00fcrttembergliga<\/li>\n<\/ul>\n<h5>Team 2002<\/h5>\n<p><img decoding=\"async\" src=\"..\/..\/2007\/Bilder\/Frauenmanschaft\/2002_1.jpg\" alt=\"\" width=\"100%\" border=\"0\" \/><\/p>\n<p>Vorne: Martina Hanke, Susanne Dittbrenner, Daniela Jahn<\/p>\n<p>Hinten: Yvonne Arndt, Rotraud Schubert, Claudia Steiner, Ellen Starz, Erika Bihlmaier, Carola Majer<\/p>\n<h5>Team 2003<\/h5>\n<p><img decoding=\"async\" src=\"..\/..\/2007\/Bilder\/Frauenmanschaft\/2003_1.jpg\" alt=\"\" width=\"100%\" border=\"0\" \/><\/p>\n<p>Hinten: Claudia Steiner, Carola Majer, Yvonne Arndt, Susanne Dittbrenner, Martina Hanke<\/p>\n<p>Vorne: Manuela Arndt, Daniela Jahn, Tina Lamsfu\u00df, Erika Bihlmaier<\/p>\n<h5>Team 2004<\/h5>\n<p><img decoding=\"async\" src=\"..\/..\/2007\/Bilder\/Frauenmanschaft\/2004_1.jpg\" alt=\"\" width=\"100%\" border=\"0\" \/><\/p>\n<p>Team: Melanie F\u00f6ll, Daniela jahn, Martina Ocker, Martina Hanke, Claudia Steiner, Manuela Arndt<\/p>\n<h5>Team 2005<\/h5>\n<p><img decoding=\"async\" src=\"..\/..\/2007\/Bilder\/Frauenmanschaft\/2005_1.jpg\" alt=\"\" width=\"100%\" border=\"0\" \/><\/p>\n<p>Vorne: Erika Bihlmaier, Anita Linder, Martina Hanke, Susanne Dittbrenner<\/p>\n<p>Oben: Martina Ocker, Daniela Jahn, Carola Majer, Claudia Steiner, Christina Waibel<\/p>\n<p>Trainer: Sven Albrecht<\/p>\n<h5>Aufstiegsrunde zur 2. Bundesliga 2005:<\/h5>\n<p><img decoding=\"async\" src=\"..\/..\/2007\/Bilder\/Frauenmanschaft\/2005_2.jpg\" alt=\"\" width=\"100%\" border=\"0\" \/><\/p>\n<p>Vorne: Eva Leser, Juliana Friedel, Thea Vogel, Melanie F\u00f6ll, Claudia Steiner,<\/p>\n<p>Hinten: Carmen Weis, Daniela Jahn, Erika Bihlmaier, Anika Bihlmaier, Martina Hanke,<\/p>\n<p>Tina Waibel, Anita Linder, Susanne Dittbrenner, Klaus Aschmann, Martina Ocker<\/p>\n<h5>Team 2006<\/h5>\n<p><img loading=\"lazy\" decoding=\"async\" src=\"..\/..\/2007\/Bilder\/Frauenmanschaft\/2006_1.jpg\" alt=\"\" width=\"381\" height=\"300\" border=\"0\" \/><\/p>\n<p><img loading=\"lazy\" decoding=\"async\" src=\"..\/..\/2007\/Bilder\/Frauenmanschaft\/2006_2.jpg\" alt=\"\" width=\"400\" height=\"300\" border=\"0\" \/><\/p>\n<p>Linkes Bild:<\/p>\n<p>Liegend: Carmen Weis, Susanne Dittbrenner, Martina Hanke, Carola Majer. Christina Waibel, Erika Bihlmaier<\/p>\n<p>Rechtes Bild:<\/p>\n<p>Vorne: Susanne Dittbrenner, Claudia Steiner, Martina Ocker<\/p>\n<p>Hinten: Carola Majer, Christina Waibel, Daniela Jahn, Carmen Weis<\/p>\n<h5>Team 2007<\/h5>\n<p><img decoding=\"async\" src=\"..\/..\/2007\/Bilder\/Frauenmanschaft\/Gruppenbild_2007.jpg\" alt=\"\" width=\"100%\" border=\"0\" \/><\/p>\n<p>Vorne: Daniela Jahn, Natascha Seiband, Bettina B\u00fchler<\/p>\n<p>Hinten: Claudia Steiner, Martina Ocker, Christina Waibel, Martina Hanke, Susanne Dittbrenner, Carola Majer, Carmen Weiss, Erika Bihlmaier<\/p>\n<h5>Team 2008<\/h5>\n<p><img decoding=\"async\" title=\"Gruppenbild_Frauen_LALI_2008\" src=\"..\/..\/2008\/Bilder\/Frauen_LALI\/Gruppenbild_2008.jpg\" alt=\"Gruppenbild_Frauen_LALI_2008\" width=\"100%\" border=\"0\" \/><\/p>\n<h5>Team 2009<\/h5>\n<p><img decoding=\"async\" title=\"2009-05-17-14-07-52_0012.jpg\" src=\"..\/..\/blog2\/wp-content\/uploads\/2009\/05\/2009-05-17-14-07-52_0012.jpg\" alt=\"Team 2009\" width=\"100%\" \/><\/p>\n<p>hinten: Martina Ocker, Claudia Steiner, Hannelore Geller, Katrin Hanke, Daniela Jahn,<\/p>\n<p>vorne: Martina Hanke<\/p>\n<h5>Team 2010<\/h5>\n<p><img loading=\"lazy\" decoding=\"async\" src=\"..\/..\/blog2\/wp-content\/uploads\/2010\/05\/sdc11892-small.jpg\" alt=\"sdc11892-small.jpg\" width=\"390\" height=\"387\" \/><\/p>\n<p>hinten: Heike Barth, Martina Ocker,<\/p>\n<p>mitte: Carola Majer, Karin William, Katja Kissel<\/p>\n<p>vorne: Sabrina Geller, Katrin Hanke<\/p>\n<h5>Team 2011<\/h5>\n<table border=\"0\">\n<tbody>\n<tr>\n<td><a title=\"cimg4905-small.jpg\" href=\"..\/..\/blog2\/wp-content\/uploads\/2011\/04\/cimg4905-small.jpg\"><img loading=\"lazy\" decoding=\"async\" src=\"..\/..\/blog2\/wp-content\/uploads\/2011\/04\/cimg4905-small.jpg\" alt=\"cimg4905-small.jpg\" width=\"286\" height=\"214\" \/><\/a><\/td>\n<td><a title=\"cimg4879-small1.jpg\" href=\"..\/..\/blog2\/wp-content\/uploads\/2011\/04\/cimg4879-small1.jpg\"><img loading=\"lazy\" decoding=\"async\" src=\"..\/..\/blog2\/wp-content\/uploads\/2011\/04\/cimg4879-small1.jpg\" alt=\"cimg4879-small1.jpg\" width=\"276\" height=\"207\" \/><\/a><\/td>\n<\/tr>\n<\/tbody>\n<\/table>\n<p>Sabrina Geller, Hannelore Geller, Martina Ocker, Daniela Behnke, Martina Hanke, Katrin Hanke, Karin William, Carola Majer, Heike Barth<\/p>\n<h5>Team 2012 (Frauen und M\u00e4nner)<\/h5>\n<p><img decoding=\"async\" src=\"..\/..\/blog2\/wp-content\/uploads\/2012\/06\/wueli_kt1_2012_esslingen_7511.jpg\" alt=\"Frauen- und M\u00e4nnermannschaft 2012, 1. Kampftag der W\u00fcrttembergliga, Esslingen\" width=\"100%\" \/><\/p>\n<p>vorn: Patrick Rauh<\/p>\n<p>2. Reihe (v.l.n.r.): Felix Miensok, Andreas Geller, Martina Hanke, Karin William, Sabrina Geller, Markus Kreuzer, Demian Stegmaier<\/p>\n<p>3. Reihe (v.l.n.r.): Simon Frey, Nikita Ahmatov, Christoph Hanke,\u00a0 Frederick Br\u00fctting, Heike Barth, Sophia Schmid, Hannelore Geller, Angela Hannak<\/p>\n<p>letzte Reihe (v.l.n.r.):\u00a0 Sven Albrecht, Adriaan Nie\u00df, Markus Salzmann, Simon Dangelmaier, Peter Graf, Philipp Pelzer, Lukas Frey<\/p>\n<p>es fehlt: Daniela Behnke<\/p>\n<h5>Team 2013 Landesliga Frauen Platz 2<\/h5>\n<p><img decoding=\"async\" src=\"..\/..\/blog2\/wp-content\/uploads\/2013\/07\/dsc_00411.jpg\" alt=\"dsc_00411.jpg\" width=\"100%\" \/><\/p>\n<p>Im Team k\u00e4mpften:<\/p>\n<p>sitzend hinten von links nach rechts: Heike Barth, Katrin Hanke, Carola Majer, Lucy Kallenbach, Martina Hanke, Theresa Geller, Sophia Schmid<\/p>\n<p>sitzend vorne von links nach rechts: Sabrina Geller und Karin William (JC Bietigheim)<\/p>\n<p>es fehlt Angela Hannak<\/p>\n<h5>Team 2014 W\u00fcrttembergliga Frauen Platz 1<\/h5>\n<p><a title=\"dsc_00111.jpg\" href=\"..\/..\/blog2\/wp-content\/uploads\/2014\/04\/dsc_0011.jpg\"><img decoding=\"async\" src=\"..\/..\/blog2\/wp-content\/uploads\/2014\/04\/dsc_0011.jpg\" alt=\"dsc_0011.jpg\" width=\"100%\" \/><\/a><\/p>\n<p>Das Team:<\/p>\n<p>hinten: Karin William (JC Bietigheim), Trainerin Martina Hanke, Heike Barth, Alina B\u00f6hm, Theresa Geller,<\/p>\n<p>Katrin Hanke, Sophia Schmid, Sabrina Geller, Angela Hannak,<\/p>\n<p>Es fehlen: Daniela Behnke, Carola Majer<\/p>\n<h5>Team 2015 W\u00fcrttembergliga Frauen Platz\u00a06<\/h5>\n<p><a href=\"http:\/\/www.jz-heubach.de\/blog2\/wp-content\/uploads\/2015\/05\/IMG-20150509-WA0009.jpg\"><img decoding=\"async\" class=\"alignnone size-medium wp-image-7907\" src=\"https:\/\/www.jz-heubach.de\/blog2\/wp-content\/uploads\/2015\/05\/IMG-20150509-WA0009-1024x576.jpg\" alt=\"Frauenmannschaft 2015\" width=\"100%\" srcset=\"https:\/\/www.jz-heubach.de\/blog2\/wp-content\/uploads\/2015\/05\/IMG-20150509-WA0009-1024x576.jpg 1024w, https:\/\/www.jz-heubach.de\/blog2\/wp-content\/uploads\/2015\/05\/IMG-20150509-WA0009-300x169.jpg 300w, https:\/\/www.jz-heubach.de\/blog2\/wp-content\/uploads\/2015\/05\/IMG-20150509-WA0009.jpg 1032w\" sizes=\"(max-width: 1024px) 100vw, 1024px\" \/><br \/><\/a><\/p>\n<p>Im Team k\u00e4mpften:<\/p>\n<p>hinten: Melissa Schuster, Sabrina Geller<\/p>\n<p>vorne: Theresa Geller, Katrin Hanke, \u00a0Karin William (JC Bietigheim)<\/p>\n<p>es fehlen Angela Hannak, Emily Dennochweiler, Sophia Schmid, Martina Hanke, Carola Majer, Heike Barth,<\/p>\n<h5>Team 2016 W\u00fcrttembergliga Frauen Platz 3<\/h5>\n<p><img decoding=\"async\" class=\"alignnone size-medium wp-image-104857\" src=\"https:\/\/www.jz-heubach.de\/blog2\/wp-content\/uploads\/2016\/04\/IMG-20160409-WA0035-1024x576.jpg\" alt=\"Frauenmannschaft 2016\" width=\"100%\" srcset=\"https:\/\/www.jz-heubach.de\/blog2\/wp-content\/uploads\/2016\/04\/IMG-20160409-WA0035-1024x576.jpg 1024w, https:\/\/www.jz-heubach.de\/blog2\/wp-content\/uploads\/2016\/04\/IMG-20160409-WA0035-300x169.jpg 300w, https:\/\/www.jz-heubach.de\/blog2\/wp-content\/uploads\/2016\/04\/IMG-20160409-WA0035-768x432.jpg 768w, https:\/\/www.jz-heubach.de\/blog2\/wp-content\/uploads\/2016\/04\/IMG-20160409-WA0035.jpg 1600w\" sizes=\"(max-width: 1024px) 100vw, 1024px\" \/><\/p>\n<p>Im Team k\u00e4mpften: Sabrina Geller, Sophia Schmid, Katrin Hanke, Theresa Geller, Lea Schmid, Karin William, Angela Hannak, Hannelore Geller,<\/p>\n<p>Betreuung: Martina Hanke<br \/>Auf dem Bild fehlt: Melissa Schuster,<\/p>\n<h5>Team 2017 W\u00fcrttembergliga Frauen Platz 4<\/h5>\n<table>\n<tbody>\n<tr>\n<td><img loading=\"lazy\" decoding=\"async\" class=\"alignnone wp-image-107238\" src=\"https:\/\/www.jz-heubach.de\/blog2\/wp-content\/uploads\/2017\/04\/17761597_1269492839838019_1543077710_o-300x169.jpg\" alt=\"\" width=\"290\" height=\"163\" srcset=\"https:\/\/www.jz-heubach.de\/blog2\/wp-content\/uploads\/2017\/04\/17761597_1269492839838019_1543077710_o-300x169.jpg 300w, https:\/\/www.jz-heubach.de\/blog2\/wp-content\/uploads\/2017\/04\/17761597_1269492839838019_1543077710_o-768x432.jpg 768w, https:\/\/www.jz-heubach.de\/blog2\/wp-content\/uploads\/2017\/04\/17761597_1269492839838019_1543077710_o-1024x576.jpg 1024w, https:\/\/www.jz-heubach.de\/blog2\/wp-content\/uploads\/2017\/04\/17761597_1269492839838019_1543077710_o.jpg 1600w\" sizes=\"auto, (max-width: 290px) 100vw, 290px\" \/><\/td>\n<td><img loading=\"lazy\" decoding=\"async\" class=\"alignnone size-medium wp-image-107240\" src=\"https:\/\/www.jz-heubach.de\/blog2\/wp-content\/uploads\/2009\/06\/17547505_1258559094264727_160503550_o-300x222.jpg\" alt=\"\" width=\"300\" height=\"222\" srcset=\"https:\/\/www.jz-heubach.de\/blog2\/wp-content\/uploads\/2009\/06\/17547505_1258559094264727_160503550_o-300x222.jpg 300w, https:\/\/www.jz-heubach.de\/blog2\/wp-content\/uploads\/2009\/06\/17547505_1258559094264727_160503550_o-768x569.jpg 768w, https:\/\/www.jz-heubach.de\/blog2\/wp-content\/uploads\/2009\/06\/17547505_1258559094264727_160503550_o-1024x758.jpg 1024w, https:\/\/www.jz-heubach.de\/blog2\/wp-content\/uploads\/2009\/06\/17547505_1258559094264727_160503550_o.jpg 1600w\" sizes=\"auto, (max-width: 300px) 100vw, 300px\" \/><\/td>\n<\/tr>\n<\/tbody>\n<\/table>\n<p>Das Team: Karin William, Angela Hannak, Mirjam Wirth, Sila Bozkurt, Sophia Schmid, Claudia Steiner, Melissa Schuster, Lea Schmid, \u00a0Heike Barth, Katrin Hanke, Martina Hanke, Marisa Desiro, Emily Dennochweiler, Irma Schippers,<\/p>\n<h5>Team 2018: W\u00fcrttembergliga Platz 2<\/h5>\n<p><a href=\"https:\/\/www.jz-heubach.de\/blog2\/wp-content\/uploads\/2018\/04\/WueLi_KT_2_28.04.2018_Ulm_Bild_6.jpg\"><img decoding=\"async\" class=\"alignnone size-medium wp-image-108857\" src=\"https:\/\/www.jz-heubach.de\/blog2\/wp-content\/uploads\/2018\/04\/WueLi_KT_2_28.04.2018_Ulm_Bild_6.jpg\" alt=\"\" width=\"100%\" srcset=\"https:\/\/www.jz-heubach.de\/blog2\/wp-content\/uploads\/2018\/04\/WueLi_KT_2_28.04.2018_Ulm_Bild_6.jpg 1280w, https:\/\/www.jz-heubach.de\/blog2\/wp-content\/uploads\/2018\/04\/WueLi_KT_2_28.04.2018_Ulm_Bild_6-300x225.jpg 300w, https:\/\/www.jz-heubach.de\/blog2\/wp-content\/uploads\/2018\/04\/WueLi_KT_2_28.04.2018_Ulm_Bild_6-768x576.jpg 768w, https:\/\/www.jz-heubach.de\/blog2\/wp-content\/uploads\/2018\/04\/WueLi_KT_2_28.04.2018_Ulm_Bild_6-1024x768.jpg 1024w\" sizes=\"(max-width: 1280px) 100vw, 1280px\" \/><\/a><\/p>\n<p>Das Team: Martina Hanke, Lea Schmid, Emily Dennochweiler, Sophia Schmid, Melissa Schuster, Karin William, Katrin Hanke, Daniela Behnke, Mirjam Wirth, Angela Hannak.<\/p>\n<p>Es fehlen: Irma Schippers, Heike Barth.<\/p>\n<p><strong>Landesliga Nord 2022 Platz 2<\/strong><\/p>\n<p>&nbsp;<\/p>\n\n<div class=\"wp-block-image\">\n<figure class=\"aligncenter size-large is-resized\"><img loading=\"lazy\" decoding=\"async\" width=\"1024\" height=\"768\" src=\"https:\/\/www.jz-heubach.de\/blog2\/wp-content\/uploads\/2022\/07\/20220723_172349-1024x768.jpg\" alt=\"\" class=\"wp-image-113503\" style=\"width:351px;height:263px\" srcset=\"https:\/\/www.jz-heubach.de\/blog2\/wp-content\/uploads\/2022\/07\/20220723_172349-1024x768.jpg 1024w, https:\/\/www.jz-heubach.de\/blog2\/wp-content\/uploads\/2022\/07\/20220723_172349-300x225.jpg 300w, https:\/\/www.jz-heubach.de\/blog2\/wp-content\/uploads\/2022\/07\/20220723_172349-768x576.jpg 768w, https:\/\/www.jz-heubach.de\/blog2\/wp-content\/uploads\/2022\/07\/20220723_172349-1536x1152.jpg 1536w, https:\/\/www.jz-heubach.de\/blog2\/wp-content\/uploads\/2022\/07\/20220723_172349-2048x1536.jpg 2048w\" sizes=\"auto, (max-width: 1024px) 100vw, 1024px\" \/><figcaption class=\"wp-element-caption\">52kg Zo\u00e9 Krischke, 57kg Tiphaine Fauny, 63kg Jasmina M\u00fcller, 70kg Noemie Sor\u00e9, Sophia Schmid, \u00fc 70 Ariana Kodra, Lea Schmid, Sara Gentner<\/figcaption><\/figure>\n<\/div>\n\n\n<p><strong>Team 2023 Platz 5 der W\u00fcrttembergliga<\/strong><\/p>\n\n\n<div class=\"wp-block-image\">\n<figure class=\"aligncenter size-large is-resized\"><img loading=\"lazy\" decoding=\"async\" width=\"1024\" height=\"1024\" src=\"https:\/\/www.jz-heubach.de\/blog2\/wp-content\/uploads\/2023\/05\/IMG_20230507_220416_558-1024x1024.webp\" alt=\"\" class=\"wp-image-114442\" style=\"width:286px;height:auto\" srcset=\"https:\/\/www.jz-heubach.de\/blog2\/wp-content\/uploads\/2023\/05\/IMG_20230507_220416_558-1024x1024.webp 1024w, https:\/\/www.jz-heubach.de\/blog2\/wp-content\/uploads\/2023\/05\/IMG_20230507_220416_558-300x300.webp 300w, https:\/\/www.jz-heubach.de\/blog2\/wp-content\/uploads\/2023\/05\/IMG_20230507_220416_558-150x150.webp 150w, https:\/\/www.jz-heubach.de\/blog2\/wp-content\/uploads\/2023\/05\/IMG_20230507_220416_558-768x768.webp 768w, https:\/\/www.jz-heubach.de\/blog2\/wp-content\/uploads\/2023\/05\/IMG_20230507_220416_558.webp 1440w\" sizes=\"auto, (max-width: 1024px) 100vw, 1024px\" \/><\/figure>\n<\/div>\n\n\n<p>Vivien Wiebel, Era Hyseni -52kg, Tiphaine Fauny -57kg, Jasmina M\u00fcller -63kg, Hannah M\u00fcller und Noemie Sore -70kg, Sara Gentner und Ariana Kodra+ 70kg.<br \/><br \/><strong>Team 2024 W\u00fcrttembergliga Platz 2<\/strong><\/p>\n\n\n<div class=\"wp-block-image\">\n<figure class=\"aligncenter size-full is-resized\"><img loading=\"lazy\" decoding=\"async\" width=\"760\" height=\"570\" src=\"https:\/\/www.jz-heubach.de\/blog2\/wp-content\/uploads\/2024\/04\/WueLi_Frauen_Esslingen_20.04.2024.jpg\" alt=\"\" class=\"wp-image-115748\" style=\"width:381px;height:auto\" srcset=\"https:\/\/www.jz-heubach.de\/blog2\/wp-content\/uploads\/2024\/04\/WueLi_Frauen_Esslingen_20.04.2024.jpg 760w, https:\/\/www.jz-heubach.de\/blog2\/wp-content\/uploads\/2024\/04\/WueLi_Frauen_Esslingen_20.04.2024-300x225.jpg 300w\" sizes=\"auto, (max-width: 760px) 100vw, 760px\" \/><\/figure>\n<\/div>\n\n\n<p>Dilay Yilmaz, Vivienne Wiebel, Leony Krieger, Sara Gentner, Ariana Kodra, Hannah M\u00fcller, Mirjam Wirth, Mia Yilmaz<\/p>\n\n\n\n<p><strong>Team 2025 W\u00fcrttembergliga Platz 1<\/strong><\/p>\n\n\n<div class=\"wp-block-image\">\n<figure class=\"aligncenter size-large is-resized\"><img loading=\"lazy\" decoding=\"async\" width=\"1024\" height=\"844\" src=\"https:\/\/www.jz-heubach.de\/blog2\/wp-content\/uploads\/2025\/05\/20250517_182313-3-1024x844.jpg\" alt=\"\" class=\"wp-image-117293\" style=\"width:387px;height:auto\" srcset=\"https:\/\/www.jz-heubach.de\/blog2\/wp-content\/uploads\/2025\/05\/20250517_182313-3-1024x844.jpg 1024w, https:\/\/www.jz-heubach.de\/blog2\/wp-content\/uploads\/2025\/05\/20250517_182313-3-300x247.jpg 300w, https:\/\/www.jz-heubach.de\/blog2\/wp-content\/uploads\/2025\/05\/20250517_182313-3-768x633.jpg 768w, https:\/\/www.jz-heubach.de\/blog2\/wp-content\/uploads\/2025\/05\/20250517_182313-3-1536x1266.jpg 1536w, https:\/\/www.jz-heubach.de\/blog2\/wp-content\/uploads\/2025\/05\/20250517_182313-3-2048x1688.jpg 2048w\" sizes=\"auto, (max-width: 1024px) 100vw, 1024px\" \/><\/figure>\n<\/div>\n\n\n<p>Mirjam Wirth, Emily Dennochweiler, Leony Krieger, Vivien Wiebel, Rachel Balthes, Ella Yilmaz, Mia Yilmaz, Ariana Kodra<\/p>\n","protected":false},"excerpt":{"rendered":"<p>Bilder und Berichte zur Liga unserer Frauen: Aufstiegschronik der Frauenmannschaft: 2002 Start der ersten Heubacher Frauenmannschaft 2002 Platz 3 in der Landesliga 2003 Meisterinnen der Landesliga und Aufstieg in die W\u00fcrttembergliga 2004 Platz 4 der W\u00fcrttembergliga 2005 Meisterinnen der W\u00fcrttembergliga und Teilnehmerinnen\u00a0der Aufstiegsrunde zur 2. Buli 2005 Platz 3 Aufstiegsrunde zur 2. Bundesliga 2006 Platz &hellip; <a href=\"https:\/\/www.jz-heubach.de\/blog2\/leute\/wurttembergliga-frauen\/\" class=\"more-link\"><span class=\"screen-reader-text\">Frauenmannschaft<\/span> weiterlesen <span class=\"meta-nav\">&rarr;<\/span><\/a><\/p>\n","protected":false},"author":1,"featured_media":0,"parent":9,"menu_order":40,"comment_status":"closed","ping_status":"closed","template":"","meta":{"footnotes":""},"class_list":["post-387","page","type-page","status-publish","hentry"],"publishpress_future_action":{"enabled":false,"date":"2026-05-08 23:36:17","action":"change-status","newStatus":"draft","terms":[],"taxonomy":"","extraData":[]},"publishpress_future_workflow_manual_trigger":{"enabledWorkflows":[]},"_links":{"self":[{"href":"https:\/\/www.jz-heubach.de\/blog2\/wp-json\/wp\/v2\/pages\/387","targetHints":{"allow":["GET"]}}],"collection":[{"href":"https:\/\/www.jz-heubach.de\/blog2\/wp-json\/wp\/v2\/pages"}],"about":[{"href":"https:\/\/www.jz-heubach.de\/blog2\/wp-json\/wp\/v2\/types\/page"}],"author":[{"embeddable":true,"href":"https:\/\/www.jz-heubach.de\/blog2\/wp-json\/wp\/v2\/users\/1"}],"replies":[{"embeddable":true,"href":"https:\/\/www.jz-heubach.de\/blog2\/wp-json\/wp\/v2\/comments?post=387"}],"version-history":[{"count":26,"href":"https:\/\/www.jz-heubach.de\/blog2\/wp-json\/wp\/v2\/pages\/387\/revisions"}],"predecessor-version":[{"id":117299,"href":"https:\/\/www.jz-heubach.de\/blog2\/wp-json\/wp\/v2\/pages\/387\/revisions\/117299"}],"up":[{"embeddable":true,"href":"https:\/\/www.jz-heubach.de\/blog2\/wp-json\/wp\/v2\/pages\/9"}],"wp:attachment":[{"href":"https:\/\/www.jz-heubach.de\/blog2\/wp-json\/wp\/v2\/media?parent=387"}],"curies":[{"name":"wp","href":"https:\/\/api.w.org\/{rel}","templated":true}]}}